{"id":40,"date":"2019-11-25T19:41:15","date_gmt":"2019-11-25T19:41:15","guid":{"rendered":"https:\/\/www.sport-muehlstrasser.de\/?page_id=40"},"modified":"2026-02-12T10:45:18","modified_gmt":"2026-02-12T09:45:18","slug":"skiverleih","status":"publish","type":"page","link":"https:\/\/www.sport-muehlstrasser.de\/index.php\/skiverleih\/","title":{"rendered":"Skiverleih und Langlaufverleih in Oberammergau"},"content":{"rendered":"\t\t<div data-elementor-type=\"wp-page\" data-elementor-id=\"40\" class=\"elementor elementor-40\" data-elementor-post-type=\"page\">\n\t\t\t\t<div class=\"elementor-element elementor-element-42b3e7fd e-flex e-con-boxed wpr-particle-no wpr-jarallax-no wpr-parallax-no wpr-sticky-section-no wpr-equal-height-no e-con e-parent\" data-id=\"42b3e7fd\" data-element_type=\"container\" data-e-type=\"container\">\n\t\t\t\t\t<div class=\"e-con-inner\">\n\t\t\t\t<div class=\"elementor-element elementor-element-1493ee76 elementor-widget__width-initial elementor-widget elementor-widget-text-editor\" data-id=\"1493ee76\" data-element_type=\"widget\" data-e-type=\"widget\" data-widget_type=\"text-editor.default\">\n\t\t\t\t<div class=\"elementor-widget-container\">\n\t\t\t\t\t\t\t\t\t<h1 class=\"wp-block-image aligncenter size-large\"><a href=\"https:\/\/rmxob.shop\/Main.aspx?shopid=249540a5-4f6f-481e-8b85-7833a66b6270&amp;shopmode=0\">SKI ONLINE BUCHEN<\/a><img fetchpriority=\"high\" decoding=\"async\" width=\"1024\" height=\"768\" class=\"wp-image-599\" src=\"https:\/\/www.sport-muehlstrasser.de\/wp-content\/uploads\/2021\/12\/IMG_1077-1024x768.jpg\" alt=\"\" srcset=\"https:\/\/www.sport-muehlstrasser.de\/wp-content\/uploads\/2021\/12\/IMG_1077-1024x768.jpg 1024w, https:\/\/www.sport-muehlstrasser.de\/wp-content\/uploads\/2021\/12\/IMG_1077-300x225.jpg 300w, https:\/\/www.sport-muehlstrasser.de\/wp-content\/uploads\/2021\/12\/IMG_1077-768x576.jpg 768w, https:\/\/www.sport-muehlstrasser.de\/wp-content\/uploads\/2021\/12\/IMG_1077.jpg 1200w\" sizes=\"(max-width: 1024px) 100vw, 1024px\" \/><\/h1>\n<h1 class=\"wp-block-image aligncenter size-large\"><a href=\"https:\/\/rmxob.shop\/Main.aspx?shopid=249540a5-4f6f-481e-8b85-7833a66b6270&amp;shopmode=0\" target=\"_blank\" rel=\"noopener\">Ski Online_ BUCHUNG<\/a><\/h1>\n<div>\u00a0<\/div>\n<h4 class=\"wp-block-image aligncenter size-large\">Unser Skiverleih &#8222;WINTERSPORT-Rent&#8220; mitten an der Piste!<\/h4>\n<p><!-- \/wp:image --><!-- wp:tadv\/classic-paragraph --><\/p>\n<h3><b><span style=\"color: #ff0000;\">Volltreffer<\/span> &#8211; Skiverleih vom Sporthaus M\u00fchlstra\u00dfer!<\/b><\/h3>\n<h3><b>Ihr Skiverleih in Oberammergau.<\/b><\/h3>\n<div style=\"text-align: justify;\"><strong>Was Sie auch suchen:<\/strong> G\u00fcnstigste Preise, zentral gelegen, familienfreundlich, bestes Material &#8230;. Viele W\u00fcnsche &#8211; eine L\u00f6sung: Wir!<\/div>\n<div style=\"text-align: justify;\">Nat\u00fcrlich auch in dieser Saison mit den g\u00fcnstigsten Preisen vor Ort!<\/div>\n<div style=\"text-align: justify;\">Preise sind nicht alles! Aber wenn sich unsere hoch-attraktiven Preise auch noch mit dem Vorteil verbinden, direkt an der Skipiste die Skiausr\u00fcstung zu leihen &#8211; dann sind wir f\u00fcr Sie doch ein Volltreffer!<\/div>\n<div style=\"text-align: justify;\">W\u00e4hlen Sie, ganz nach Ihren W\u00fcnschen, zwischen unseren beiden Verleih-Standorten:<\/div>\n<ul>\n<li>direkt im Zentrum in unserem <strong>Hauptgesch\u00e4ft, Sporthaus M\u00fchlstra\u00dfer<\/strong> (Ski Alpin \/ Langlauf &#8211; Klassisch \/ Skating \/ Schlitten \/ Schneeschuhe)<\/li>\n<li>direkt auf der Piste, Talstation der Aktivarena Kolbenlifte: unser Standort <strong>WINTERSPORT Rent<\/strong> (Ski Alpin \/ Snowboard \/ Tourenski-Ausr\u00fcstung \/ Schlitten \/ Schneeschuhe)<\/li>\n<\/ul>\n<p><em>\u00a0\u00a0\u00a0\u00a0\u00a0\u00a0\u00a0\u00a0\u00a0\u00a0\u00a0\u00a0\u00a0\u00a0\u00a0\u00a0\u00a0\u00a0\u00a0\u00a0\u00a0\u00a0\u00a0\u00a0\u00a0\u00a0\u00a0\u00a0\u00a0\u00a0\u00a0\u00a0\u00a0\u00a0\u00a0\u00a0\u00a0\u00a0\u00a0 <br \/><\/em><\/p>\n<p><!-- \/wp:tadv\/classic-paragraph --><!-- wp:heading {\"level\":3} --><\/p>\n<h3 id=\"preisliste-skiverleih\" class=\"wp-block-heading\"><strong>Preisliste Skiverleih<\/strong><\/h3>\n<p><!-- \/wp:heading --><!-- wp:tadv\/classic-paragraph --><\/p>\n<p style=\"text-align: justify;\">Hier die Preise in unseren Verleih-Stationen. Gerne k\u00f6nnen Sie f\u00fcr beide Standorte Ihre Ausr\u00fcstung online reservieren! Bitte beachten Sie, das die Online-Reservierung nur mit mehr als einem Tag Vorlauf m\u00f6glich ist. (Also z.B. f\u00fcr Samstag muss am Donnerstag reserviert werden)<\/p>\n<h2><span style=\"background-color: #ffff00;\"><strong>\u00a0<\/strong><\/span><\/h2>\n<p><span style=\"color: #ff0000;\"><strong>\u00a0<\/strong><\/span><\/p>\n<p><!-- \/wp:tadv\/classic-paragraph --><!-- wp:tadv\/classic-paragraph --><\/p>\n<figure class=\"wp-block-table is-style-regular\">\n<table class=\"has-fixed-layout has-background aligncenter\" style=\"width: 97.0115%; border-style: hidden; height: 913px;\" border=\"0px\" cellspacing=\"10px\" cellpadding=\"10px\">\n<thead>\n<tr style=\"height: 21px;\">\n<th style=\"height: 20px; width: 61.6725%;\">\u00a0<\/th>\n<th style=\"height: 20px; width: 16.5863%;\">Tagespreis *<\/th>\n<th style=\"height: 20px; width: 21.5671%;\">Mehrtagespreis *<\/th>\n<\/tr>\n<\/thead>\n<tbody>\n<tr style=\"height: 75px;\">\n<td style=\"height: 75px; width: 61.6725%;\">\n<h5><strong>Alpin<\/strong>:<\/h5>\n<\/td>\n<td style=\"height: 75px; width: 16.5863%;\">\u00a0<\/td>\n<td style=\"height: 75px; width: 21.5671%;\">\u00a0<\/td>\n<\/tr>\n<tr style=\"height: 84px;\">\n<td style=\"height: 84px; width: 61.6725%;\"><strong>Komplette Garnitur Erwachsene<strong><br \/><\/strong><\/strong>(Ski+Bindung+Schuhe+St\u00f6cke)<\/td>\n<td style=\"text-align: center; height: 84px; width: 16.5863%;\">28,00 \u20ac p.Tag<\/td>\n<td style=\"text-align: center; height: 84px; width: 21.5671%;\">24,00 \u20ac p.Tag<\/td>\n<\/tr>\n<tr style=\"height: 84px;\">\n<td style=\"height: 84px; width: 61.6725%;\"><strong>Ski-Set Erwachsene<\/strong><br \/>(Ski+Bindung)<\/td>\n<td style=\"text-align: center; height: 84px; width: 16.5863%;\">22,00 \u20ac p.Tag<\/td>\n<td style=\"text-align: center; height: 84px; width: 21.5671%;\">18,00 \u20ac p.Tag<\/td>\n<\/tr>\n<tr style=\"height: 84px;\">\n<td style=\"height: 84px; width: 61.6725%;\">\n<p><strong>Komplette Garnitur Jugend\u00a0 \u00a0(Skil\u00e4nge bis 140cm)<\/strong><\/p>\n<p><b style=\"background-color: transparent; font-family: var( --e-global-typography-text-font-family ), Sans-serif; text-align: var(--text-align); font-size: 0.9em;\">Komplette Garnitur Kinder\u00a0 \u00a0 \u00a0 \u00a0 \u00a0 \u00a0(<\/b><b style=\"background-color: transparent; font-family: var( --e-global-typography-text-font-family ), Sans-serif; text-align: var(--text-align); font-size: 0.9em;\">Skil\u00e4nge bis 100cm)<\/b><\/p>\n<\/td>\n<td style=\"text-align: center; height: 84px; width: 16.5863%;\">\n<p>20,00\u20ac p.Tag<span style=\"font-size: 0.9em; font-family: var( --e-global-typography-text-font-family ), Sans-serif;\">\u00a0<\/span><\/p>\n<p><span style=\"color: inherit; font-family: var( --e-global-typography-text-font-family ), Sans-serif; background-color: transparent; font-size: 0.9em;\">15,00 \u20ac p.Ta<\/span><\/p>\n<\/td>\n<td style=\"text-align: center; height: 84px; width: 21.5671%;\">\n<p>17,00 \u20ac p.Tag<br \/><span style=\"background-color: transparent; color: inherit; font-family: inherit; font-size: 1rem;\">\u00a0<br \/><\/span><span style=\"background-color: transparent; color: inherit; font-family: inherit; font-size: 1rem;\">12,00 \u20ac p.Tag<\/span><\/p>\n<\/td>\n<\/tr>\n<tr style=\"height: 146px;\">\n<td style=\"height: 146px; width: 61.6725%;\">\n<p><strong>Tourenski-Garnitur\u00a0 <u>(IM MOMENT NICHT VERF\u00dcGBAR)<\/u><\/strong><br \/>Komplette Garnitur (Ski + Bindung + Felle + Schuhe + St\u00f6cke)<br \/>(nur erh\u00e4ltlich bei WINTERSPORT Rent am Kolben)\u00a0<\/p>\n<p><strong>Helm\u00a0 \u00a0 \u00a0 \u00a0 \u00a0 \u00a0 \u00a0 \u00a0 \u00a0 \u00a0 \u00a0 \u00a0 \u00a0 \u00a0 \u00a0 \u00a0 \u00a0 \u00a0<\/strong>\u00a0<\/p>\n<\/td>\n<td style=\"text-align: center; height: 146px; width: 16.5863%;\">\n<p>40,00 \u20ac p.Tag<\/p>\n<p>5,00 \u20ac p.Tag<\/p>\n<\/td>\n<td style=\"text-align: center; height: 146px; width: 21.5671%;\">\n<p>35,00 \u20ac p.Tag<\/p>\n<p>4,00 \u20ac p.Tag<\/p>\n<\/td>\n<\/tr>\n<tr style=\"height: 105px;\">\n<td style=\"height: 105px; width: 61.6725%;\"><strong>Snowboard<br \/><\/strong>Board mit Softboot<br \/>(nur erh\u00e4ltlich bei WINTERSPORT Rent am Kolben)<\/td>\n<td style=\"text-align: center; height: 105px; width: 16.5863%;\">25,00 \u20ac p.Tag<\/td>\n<td style=\"text-align: center; height: 105px; width: 21.5671%;\">20,00 \u20ac p.Tag<\/td>\n<\/tr>\n<tr style=\"height: 21px;\">\n<td style=\"height: 21px; width: 61.6725%;\">\u00a0<\/td>\n<td style=\"text-align: center; height: 21px; width: 16.5863%;\">\u00a0<\/td>\n<td style=\"text-align: center; height: 21px; width: 21.5671%;\">\u00a0<\/td>\n<\/tr>\n<tr style=\"height: 42px;\">\n<td style=\"height: 42px; width: 61.6725%;\">\n<h5><strong>Langlauf <\/strong><span style=\"color: #ff0000;\">(nur im Hauptgesch\u00e4ft)<\/span><\/h5>\n<\/td>\n<td style=\"text-align: center; height: 42px; width: 16.5863%;\">\u00a0<\/td>\n<td style=\"text-align: center; height: 42px; width: 21.5671%;\">\u00a0<\/td>\n<\/tr>\n<tr style=\"height: 105px;\">\n<td style=\"height: 105px; width: 61.6725%;\"><strong>Komplette Garnitur (Klassisch\/Nordic Cruising)<\/strong><br \/>(Ski+Bindung+Schuhe+St\u00f6cke)<\/td>\n<td style=\"text-align: center; height: 105px; width: 16.5863%;\">17,00 \u20ac p.Tag<\/td>\n<td style=\"text-align: center; height: 105px; width: 21.5671%;\">14,00 \u20ac p.Tag<\/td>\n<\/tr>\n<tr style=\"height: 63px;\">\n<td style=\"height: 63px; width: 61.6725%;\"><strong>Skating &#8211; Garnitur<\/strong><br \/>(Ski+Bindung+Schuhe+St\u00f6cke)<\/td>\n<td style=\"text-align: center; height: 63px; width: 16.5863%;\">25,00 \u20ac p.Tag<\/td>\n<td style=\"text-align: center; height: 63px; width: 21.5671%;\">22,00 \u20ac p.Tag<\/td>\n<\/tr>\n<tr style=\"height: 21px;\">\n<td style=\"height: 21px; width: 61.6725%;\">\u00a0<\/td>\n<td style=\"text-align: center; height: 21px; width: 16.5863%;\">\u00a0<\/td>\n<td style=\"height: 21px; width: 21.5671%;\">\u00a0<\/td>\n<\/tr>\n<tr style=\"height: 42px;\">\n<td style=\"height: 42px; width: 61.6725%;\"><strong>Schlitten<\/strong><br \/>(Kinderlehne kostenlos!)<\/td>\n<td style=\"text-align: center; height: 42px; width: 16.5863%;\">10,00 \u20ac p.Tag<\/td>\n<td style=\"text-align: center; height: 42px; width: 21.5671%;\">8,00 \u20ac p.Tag<\/td>\n<\/tr>\n<tr style=\"height: 21px;\">\n<td style=\"height: 21px; width: 61.6725%;\"><strong>Schneeschuhe<\/strong><\/td>\n<td style=\"text-align: center; height: 21px; width: 16.5863%;\">15,00 \u20ac p.Tag<\/td>\n<td style=\"text-align: center; height: 21px; width: 21.5671%;\">12,00 \u20ac p.Tag<\/td>\n<\/tr>\n<\/tbody>\n<\/table>\n<\/figure>\n<p><!-- \/wp:tadv\/classic-paragraph --><!-- wp:button {\"className\":\"aligncenter\"} --><\/p>\n<div class=\"wp-block-button aligncenter\"><a class=\"wp-block-button__link wp-element-button\" href=\"https:\/\/rmxob.shop\/Main.aspx?shopid=249540a5-4f6f-481e-8b85-7833a66b6270&amp;shopmode=0\">Hier gehts zur Online_BUCHUNG <\/a><\/div>\n<p><!-- \/wp:button --><!-- wp:heading {\"level\":3} --><\/p>\n<h3 id=\"familien-arrangement\" class=\"wp-block-heading\"><strong>Familien-Arrangement<\/strong><\/h3>\n<p><!-- \/wp:heading --><!-- wp:paragraph {\"backgroundColor\":\"pale-cyan-blue\"} --><\/p>\n<p class=\"has-pale-cyan-blue-background-color has-background\">Wir sind gerne besonders familienfreundlich: Wenn Sie mit einer beliebig gro\u00dfen Familie \u00fcber mindestens 5 Tage Ihre Ausr\u00fcstung ausleihen, zahlen Sie nur die <strong>Pauschalsumme von 300 Euro<\/strong> f\u00fcr 5 Tage! Egal &#8211; wie gro\u00df Ihre Familie ist. Zwei Kinder, drei Kinder, vier Kinder&#8230;.. all you can drive! \u00a0 (Preis g\u00fcltig f\u00fcr Ski und Langlauf, auch gemischt. Nachweis f\u00fcr Familienkinder erforderlich. Jeder weitere Tag nur 50 Euro; Details und &#8222;Sonderf\u00e4lle&#8220; bitte nachfragen) \u00a0 Gespart wird in jedem Fall. Ganz stark und je gr\u00f6\u00dfer Ihre Familie ist, umso mehr. (Einen sch\u00f6nen Gru\u00df an die Luxemburger Familie mit 10 Kindern&#8230;..) \u00a0 <strong>Die Familienpauschale ist ausnahmslos nur im Hauptgesch\u00e4ft erh\u00e4ltlich! <\/strong><\/p>\n<p><!-- \/wp:paragraph --><!-- wp:quote --><\/p>\n<blockquote class=\"wp-block-quote\">\n<p><!-- wp:paragraph --><\/p>\n<p>Weitere Preisdetails, z.B. die Preise f\u00fcr Einzelprodukte (nur Ski, nur Schuh) bitte nachfragen!<\/p>\n<p><!-- \/wp:paragraph --><\/p>\n<\/blockquote>\n<p><!-- \/wp:quote --><!-- wp:paragraph --><\/p>\n<p><strong>Service gro\u00dfgeschrieben<\/strong>: Nat\u00fcrlich d\u00fcrfen Sie bei uns im Hauptgesch\u00e4ft auch die Leihgeb\u00fchren mit ec- oder Kreditkarte bezahlen und selbstverst\u00e4ndlich d\u00fcrfen Sie in der Regel Ihre Ausr\u00fcstung auch schon am sp\u00e4teren Nachmittag des Vortages mitnehmen, ohne einen weiteren Tag berechnet zu erhalten (vorbehaltlich Verf\u00fcgbarkeit).<\/p>\n<p><!-- \/wp:paragraph --><!-- wp:paragraph --><\/p>\n<p>Kommen Sie einfach vorbei, oder reservieren Sie sicherheitshalber. Rufen Sie uns doch an, oder schreiben Sie eine Mail. Bitte w\u00e4hlen Sie den Verleih-Standort Ihrer Wahl:<\/p>\n<p><!-- \/wp:paragraph --><!-- wp:heading --><\/p>\n<h2 id=\"sonderaktion-saison-21-22\" class=\"wp-block-heading\">\u00a0<\/h2>\n<p><!-- \/wp:heading --><!-- wp:paragraph --><\/p>\n<p><!-- \/wp:paragraph --><!-- wp:paragraph --><\/p>\n<p><!-- \/wp:paragraph --><!-- wp:columns --><\/p>\n<div class=\"wp-block-columns\">\n<p><!-- wp:column --><\/p>\n<div class=\"wp-block-column\">\n<p><!-- wp:html --> <iframe style=\"border: 0;\" src=\"https:\/\/www.google.com\/maps\/embed?pb=!1m18!1m12!1m3!1d21523.178516243846!2d11.046789839017832!3d47.59896357918424!2m3!1f0!2f0!3f0!3m2!1i1024!2i768!4f13.1!3m3!1m2!1s0x479dab0ebf4dd07b%3A0xef32c7fa60ec8d4!2sTheaterstra%C3%9Fe%202%2C%2082487%20Oberammergau!5e0!3m2!1sde!2sde!4v1575723227471!5m2!1sde!2sde\" width=\"450\" height=\"500\" frameborder=\"0\" allowfullscreen=\"allowfullscreen\"><\/iframe> <!-- \/wp:html --><!-- wp:paragraph --><\/p>\n<p><strong>Hauptgesch\u00e4ft <\/strong><br \/>Sporthaus M\u00fchlstra\u00dfer Theaterstr. 2<br \/>82487 Oberammergau<br \/>Tel. 08822 \/ 93044<\/p>\n<p><!-- \/wp:paragraph --><\/p>\n<\/div>\n<p><!-- \/wp:column --><!-- wp:column --><\/p>\n<div class=\"wp-block-column\">\n<p><!-- wp:html --> <iframe style=\"border: 0;\" src=\"https:\/\/www.google.com\/maps\/embed?pb=!1m18!1m12!1m3!1d23471.815716859313!2d11.043198529965016!3d47.597574568506744!2m3!1f0!2f0!3f0!3m2!1i1024!2i768!4f13.1!3m3!1m2!1s0x479dab19d91cf345%3A0x9f64ef3f71038ecd!2sKolbensesselbahn!5e0!3m2!1sde!2sde!4v1575723400179!5m2!1sde!2sde\" width=\"450\" height=\"500\" frameborder=\"0\" allowfullscreen=\"allowfullscreen\"><\/iframe> <!-- \/wp:html --><!-- wp:paragraph --><\/p>\n<p>W<strong>INTERSPORT Rent<\/strong><br \/>Skiverleih am Kolben Kraislainenweg<br \/>Mitten im Skigebiet Talstation<br \/>Kolbenlifte &#8211; Kreislainenweg 08822 93044<\/p>\n<p><span style=\"font-family: var( --e-global-typography-text-font-family ), Sans-serif; font-size: 1rem; font-weight: var( --e-global-typography-text-font-weight ); text-align: var(--text-align);\">\u00d6ffnungszeiten:<\/span><\/p>\n<p>Montag bis Sonntag von 08:45 &#8211; 16:30 Uhr<\/p>\n<p><!-- \/wp:paragraph --><\/p>\n<\/div>\n<p><!-- \/wp:column --><\/p>\n<\/div>\n<p><!-- \/wp:columns --><!-- wp:heading {\"level\":3} --><\/p>\n<h3 id=\"kontaktieren-sie-uns\" class=\"wp-block-heading\">Kontaktieren Sie uns:<\/h3>\n<p><!-- \/wp:heading --><!-- wp:paragraph --><\/p>\n<p><strong>Ganzt\u00e4gig im Hauptgesch\u00e4ft<\/strong>:<br \/>08822 &#8211; 93044 (Anfragen f\u00fcr beide Standorte)<\/p>\n<p><!-- \/wp:paragraph --><!-- wp:paragraph --><\/p>\n<p><strong>Direkt im Skiverleih am Kolben:<\/strong><br \/>\u00a0<span style=\"font-size: 1rem;\">per E-Mail: sport.muehlstrasser@web.de<\/span><\/p>\n<p><!-- \/wp:paragraph --><!-- wp:separator {\"opacity\":\"css\"} --><\/p>\n<hr class=\"wp-block-separator has-css-opacity\" \/>\n<p><!-- \/wp:separator --><!-- wp:paragraph --><\/p>\n<p>*<strong> Erl\u00e4uterung Tagespreis \/ Mehrtagespreis:<\/strong><br \/>Einfach und \u00fcbersichtlich zu rechnen: Der &#8222;Mehrtagespreis&#8220; greift ab einer Ausleihdauer von mindestens 3 Tagen und dieser g\u00fcnstige Tarif gilt ab dem ersten Tag. Der &#8222;Tagespreis&#8220; ist etwas h\u00f6her und gilt f\u00fcr kurzfristige Ausleihvorg\u00e4nge von einem oder zwei Tagen. Beispiel: 3 Tage Alpin Komplett f\u00fcr Erwachsene = 3 x 22 \u20ac , 2 Tage Alpin komplett Erwachsene w\u00e4re 2 x 25 \u20ac.<\/p>\n<p><!-- \/wp:paragraph --><!-- wp:tadv\/classic-paragraph \/--><\/p>\t\t\t\t\t\t\t\t<\/div>\n\t\t\t\t<\/div>\n\t\t\t\t\t<\/div>\n\t\t\t\t<\/div>\n\t\t\t\t<\/div>\n\t\t","protected":false},"excerpt":{"rendered":"<p>SKI ONLINE BUCHEN Ski Online_ BUCHUNG \u00a0 Unser Skiverleih &#8222;WINTERSPORT-Rent&#8220; mitten an der Piste! Volltreffer &#8211; Skiverleih vom Sporthaus M\u00fchlstra\u00dfer! Ihr Skiverleih in Oberammergau. Was Sie auch suchen: G\u00fcnstigste Preise, zentral gelegen, familienfreundlich, bestes Material &#8230;. Viele W\u00fcnsche &#8211; eine L\u00f6sung: Wir! Nat\u00fcrlich auch in dieser Saison mit den g\u00fcnstigsten Preisen vor Ort! Preise sind nicht alles! Aber wenn sich unsere hoch-attraktiven Preise auch noch mit dem Vorteil verbinden, direkt an der Skipiste die Skiausr\u00fcstung zu leihen &#8211; dann sind wir f\u00fcr Sie doch ein Volltreffer! W\u00e4hlen Sie, ganz nach Ihren W\u00fcnschen, zwischen unseren beiden Verleih-Standorten: direkt im Zentrum in unserem Hauptgesch\u00e4ft, Sporthaus M\u00fchlstra\u00dfer (Ski Alpin \/ Langlauf &#8211; Klassisch \/ Skating \/ Schlitten \/ Schneeschuhe) direkt auf der Piste, Talstation der Aktivarena Kolbenlifte: unser Standort WINTERSPORT Rent (Ski Alpin \/ Snowboard \/ Tourenski-Ausr\u00fcstung \/ Schlitten \/ Schneeschuhe) \u00a0\u00a0\u00a0\u00a0\u00a0\u00a0\u00a0\u00a0\u00a0\u00a0\u00a0\u00a0\u00a0\u00a0\u00a0\u00a0\u00a0\u00a0\u00a0\u00a0\u00a0\u00a0\u00a0\u00a0\u00a0\u00a0\u00a0\u00a0\u00a0\u00a0\u00a0\u00a0\u00a0\u00a0\u00a0\u00a0\u00a0\u00a0\u00a0 Preisliste Skiverleih Hier die Preise in unseren Verleih-Stationen. Gerne k\u00f6nnen Sie f\u00fcr beide Standorte Ihre Ausr\u00fcstung online reservieren! Bitte beachten Sie, das die Online-Reservierung nur mit mehr als einem Tag Vorlauf m\u00f6glich ist. (Also z.B. f\u00fcr Samstag muss am Donnerstag reserviert werden) \u00a0 \u00a0 \u00a0 Tagespreis * Mehrtagespreis * Alpin: \u00a0 \u00a0 Komplette Garnitur Erwachsene(Ski+Bindung+Schuhe+St\u00f6cke) 28,00 \u20ac p.Tag 24,00 \u20ac p.Tag Ski-Set Erwachsene(Ski+Bindung) 22,00 \u20ac p.Tag 18,00 \u20ac p.Tag Komplette Garnitur Jugend\u00a0 \u00a0(Skil\u00e4nge bis 140cm) Komplette Garnitur Kinder\u00a0 \u00a0 \u00a0 \u00a0 \u00a0 \u00a0(Skil\u00e4nge bis 100cm) 20,00\u20ac p.Tag\u00a0 15,00 \u20ac p.Ta 17,00 \u20ac p.Tag\u00a012,00 \u20ac p.Tag Tourenski-Garnitur\u00a0 (IM MOMENT NICHT VERF\u00dcGBAR)Komplette Garnitur (Ski + Bindung + Felle + Schuhe + St\u00f6cke)(nur erh\u00e4ltlich bei WINTERSPORT Rent am Kolben)\u00a0 Helm\u00a0 \u00a0 \u00a0 \u00a0 \u00a0 \u00a0 \u00a0 \u00a0 \u00a0 \u00a0 \u00a0 \u00a0 \u00a0 \u00a0 \u00a0 \u00a0 \u00a0 \u00a0\u00a0 40,00 \u20ac p.Tag 5,00 \u20ac p.Tag 35,00 \u20ac p.Tag 4,00 \u20ac p.Tag SnowboardBoard mit Softboot(nur erh\u00e4ltlich bei WINTERSPORT Rent am Kolben) 25,00 \u20ac p.Tag 20,00 \u20ac p.Tag \u00a0 \u00a0 \u00a0 Langlauf (nur im Hauptgesch\u00e4ft) \u00a0 \u00a0 Komplette Garnitur (Klassisch\/Nordic Cruising)(Ski+Bindung+Schuhe+St\u00f6cke) 17,00 \u20ac p.Tag 14,00 \u20ac p.Tag Skating &#8211; Garnitur(Ski+Bindung+Schuhe+St\u00f6cke) 25,00 \u20ac p.Tag 22,00 \u20ac p.Tag \u00a0 \u00a0 \u00a0 Schlitten(Kinderlehne kostenlos!) 10,00 \u20ac p.Tag 8,00 \u20ac p.Tag Schneeschuhe 15,00 \u20ac p.Tag 12,00 \u20ac p.Tag Hier gehts zur Online_BUCHUNG Familien-Arrangement Wir sind gerne besonders familienfreundlich: Wenn Sie mit einer beliebig gro\u00dfen Familie \u00fcber mindestens 5 Tage Ihre Ausr\u00fcstung ausleihen, zahlen Sie nur die Pauschalsumme von 300 Euro f\u00fcr 5 Tage! Egal &#8211; wie gro\u00df Ihre Familie ist. Zwei Kinder, drei Kinder, vier Kinder&#8230;.. all you can drive! \u00a0 (Preis g\u00fcltig f\u00fcr Ski und Langlauf, auch gemischt. Nachweis f\u00fcr Familienkinder erforderlich. Jeder weitere Tag nur 50 Euro; Details und &#8222;Sonderf\u00e4lle&#8220; bitte nachfragen) \u00a0 Gespart wird in jedem Fall. Ganz stark und je gr\u00f6\u00dfer Ihre Familie ist, umso mehr. (Einen sch\u00f6nen Gru\u00df an die Luxemburger Familie mit 10 Kindern&#8230;..) \u00a0 Die Familienpauschale ist ausnahmslos nur im Hauptgesch\u00e4ft erh\u00e4ltlich! Weitere Preisdetails, z.B. die Preise f\u00fcr Einzelprodukte (nur Ski, nur Schuh) bitte nachfragen! Service gro\u00dfgeschrieben: Nat\u00fcrlich d\u00fcrfen Sie bei uns im Hauptgesch\u00e4ft auch die Leihgeb\u00fchren mit ec- oder Kreditkarte bezahlen und selbstverst\u00e4ndlich d\u00fcrfen Sie in der Regel Ihre Ausr\u00fcstung auch schon am sp\u00e4teren Nachmittag des Vortages mitnehmen, ohne einen weiteren Tag berechnet zu erhalten (vorbehaltlich Verf\u00fcgbarkeit). Kommen Sie einfach vorbei, oder reservieren Sie sicherheitshalber. Rufen Sie uns doch an, oder schreiben Sie eine Mail. Bitte w\u00e4hlen Sie den Verleih-Standort Ihrer Wahl: \u00a0 Hauptgesch\u00e4ft Sporthaus M\u00fchlstra\u00dfer Theaterstr. 282487 OberammergauTel. 08822 \/ 93044 WINTERSPORT RentSkiverleih am Kolben KraislainenwegMitten im Skigebiet TalstationKolbenlifte &#8211; Kreislainenweg 08822 93044 \u00d6ffnungszeiten: Montag bis Sonntag von 08:45 &#8211; 16:30 Uhr Kontaktieren Sie uns: Ganzt\u00e4gig im Hauptgesch\u00e4ft:08822 &#8211; 93044 (Anfragen f\u00fcr beide Standorte) Direkt im Skiverleih am Kolben:\u00a0per E-Mail: sport.muehlstrasser@web.de * Erl\u00e4uterung Tagespreis \/ Mehrtagespreis:Einfach und \u00fcbersichtlich zu rechnen: Der &#8222;Mehrtagespreis&#8220; greift ab einer Ausleihdauer von mindestens 3 Tagen und dieser g\u00fcnstige Tarif gilt ab dem ersten Tag. Der &#8222;Tagespreis&#8220; ist etwas h\u00f6her und gilt f\u00fcr kurzfristige Ausleihvorg\u00e4nge von einem oder zwei Tagen. Beispiel: 3 Tage Alpin Komplett f\u00fcr Erwachsene = 3 x 22 \u20ac , 2 Tage Alpin komplett Erwachsene w\u00e4re 2 x 25 \u20ac.<\/p>\n","protected":false},"author":1,"featured_media":0,"parent":0,"menu_order":0,"comment_status":"closed","ping_status":"closed","template":"","meta":{"footnotes":""},"class_list":["post-40","page","type-page","status-publish","hentry"],"_links":{"self":[{"href":"https:\/\/www.sport-muehlstrasser.de\/index.php\/wp-json\/wp\/v2\/pages\/40","targetHints":{"allow":["GET"]}}],"collection":[{"href":"https:\/\/www.sport-muehlstrasser.de\/index.php\/wp-json\/wp\/v2\/pages"}],"about":[{"href":"https:\/\/www.sport-muehlstrasser.de\/index.php\/wp-json\/wp\/v2\/types\/page"}],"author":[{"embeddable":true,"href":"https:\/\/www.sport-muehlstrasser.de\/index.php\/wp-json\/wp\/v2\/users\/1"}],"replies":[{"embeddable":true,"href":"https:\/\/www.sport-muehlstrasser.de\/index.php\/wp-json\/wp\/v2\/comments?post=40"}],"version-history":[{"count":196,"href":"https:\/\/www.sport-muehlstrasser.de\/index.php\/wp-json\/wp\/v2\/pages\/40\/revisions"}],"predecessor-version":[{"id":1617,"href":"https:\/\/www.sport-muehlstrasser.de\/index.php\/wp-json\/wp\/v2\/pages\/40\/revisions\/1617"}],"wp:attachment":[{"href":"https:\/\/www.sport-muehlstrasser.de\/index.php\/wp-json\/wp\/v2\/media?parent=40"}],"curies":[{"name":"wp","href":"https:\/\/api.w.org\/{rel}","templated":true}]}}